{"id":10494,"date":"2026-03-20T15:00:00","date_gmt":"2026-03-20T14:00:00","guid":{"rendered":"https:\/\/www.sitnskate.de\/?post_type=termine&#038;p=10494"},"modified":"2026-04-07T09:53:17","modified_gmt":"2026-04-07T07:53:17","slug":"5-mai-demo-hamburg","status":"publish","type":"termine","link":"https:\/\/www.sitnskate.de\/ls\/termine\/5-mai-demo-hamburg","title":{"rendered":"5. Mai Demo Hamburg"},"content":{"rendered":"\n<h2 class=\"wp-block-heading\">5. MAI \u2013 WIR PROTESTIEREN!<\/h2>\n\n\n\n<p><strong>Protesttag f\u00fcr Teilhabe, Rechte und Barrierefreiheit<\/strong><\/p>\n\n\n\n<p><strong>Wann?<\/strong><br \/>5. Mai 2026<br \/>17 Uhr<\/p>\n\n\n\n<p><strong>Wo?<\/strong><br \/>Hamburg, St. Pauli<br \/>Arrivati-Park<br \/>Beim Gr\u00fcnen J\u00e4ger 13 am Wendehammer<\/p>\n\n\n\n<p>Am 5. Mai gehen wir in Hamburg auf die Stra\u00dfe.<\/p>\n\n\n\n<p>Wir protestieren,<br \/>weil behinderte Menschen noch immer ausgeschlossen werden.<\/p>\n\n\n\n<p>Barrierefreiheit ist noch immer nicht selbstverst\u00e4ndlich.<\/p>\n\n\n\n<p>Wir sagen:<br \/><strong>Barrierefreiheit ist ein Recht.<\/strong><\/p>\n\n\n\n<h2 class=\"wp-block-heading\">Warum protestieren wir?<\/h2>\n\n\n\n<p>Die Bundes-Regierung will das<br \/><strong>Behinderten-Gleichstellungs-Gesetz<\/strong>&nbsp;\u00e4ndern.<\/p>\n\n\n\n<p>Kurz hei\u00dft das Gesetz:&nbsp;<strong>BGG<\/strong>.<\/p>\n\n\n\n<p>Wir finden:<br \/>Die geplante \u00c4nderung reicht nicht aus.<\/p>\n\n\n\n<p>Barrieren werden damit nicht gut genug abgebaut.<br \/>Rechte von behinderten Menschen werden nicht gut genug gesch\u00fctzt.<\/p>\n\n\n\n<h2 class=\"wp-block-heading\">Was fordern wir?<\/h2>\n\n\n\n<p>Wir fordern:<\/p>\n\n\n\n<ul class=\"wp-block-list\">\n<li>Barrierefreiheit muss Pflicht sein.<\/li>\n\n\n\n<li>Behinderte Menschen m\u00fcssen \u00fcberall mitmachen k\u00f6nnen.<\/li>\n\n\n\n<li>Rechte m\u00fcssen besser gesch\u00fctzt werden.<\/li>\n\n\n\n<li>Es darf keine Diskriminierung geben.<\/li>\n<\/ul>\n\n\n\n<h2 class=\"wp-block-heading\">Route<\/h2>\n\n\n\n<p>Start ist um&nbsp;<strong>17 Uhr<\/strong>&nbsp;im Arrivati-Park.<\/p>\n\n\n\n<p>Die Demo geht \u00fcber:<br \/>Wohlwillstra\u00dfe<br \/>Paulinenplatz<br \/>Hein-Hoyer-Stra\u00dfe<br \/>Budapester Stra\u00dfe<br \/>Millerntorplatz<br \/>Reeperbahn<\/p>\n\n\n\n<p>Die Abschluss-Kundgebung ist um&nbsp;<strong>ca. 19:15 Uhr<\/strong><br \/>auf dem Spielbudenplatz.<\/p>\n\n\n\n<p>Die Demo ist langsam geplant.<\/p>\n\n\n\n<p><strong>Wir warten aufeinander.<\/strong><br \/><strong>Wir lassen niemanden zur\u00fcck.<\/strong><\/p>\n\n\n\n<h2 class=\"wp-block-heading\">Wichtige Infos zur Barrierefreiheit<\/h2>\n\n\n\n<p>Es gibt&nbsp;<strong>Geb\u00e4rden-Sprach-Dolmetschung<\/strong>.<\/p>\n\n\n\n<p>Auf der Strecke gibt es:<\/p>\n\n\n\n<ul class=\"wp-block-list\">\n<li>Schlagl\u00f6cher<\/li>\n\n\n\n<li>Unebene Stellen<\/li>\n\n\n\n<li>eine enge Stelle<\/li>\n\n\n\n<li>ein kurzes St\u00fcck Kopfstein-Pflaster<\/li>\n<\/ul>\n\n\n\n<p><strong>Assistenz-Personen und Assistenz-Hunde sind willkommen.<\/strong><\/p>\n\n\n\n<h3 class=\"wp-block-heading\">Toiletten \/ WC<\/h3>\n\n\n\n<p>Barrierefreie Toiletten gibt es in der N\u00e4he vom Start und vom Ziel.<br \/>Mehr Infos dazu stehen auf der normalen Internet-Seite.<\/p>\n\n\n\n<h2 class=\"wp-block-heading\">Lautst\u00e4rke<\/h2>\n\n\n\n<p>Bei den Reden gibt es Lautsprecher.<\/p>\n\n\n\n<p>Auch w\u00e4hrend der Demo kann es vorne lauter sein.<br \/>Dort gibt es Musik, Durchsagen und Demo-Rufe.<\/p>\n\n\n\n<p>Wenn es dir zu laut ist, sprich uns bitte an.<br \/>Unsere Ordner*innen helfen dir.<\/p>\n\n\n\n<h2 class=\"wp-block-heading\">Toiletten<\/h2>\n\n\n\n<p>Barrierefreie Toiletten gibt es in der N\u00e4he vom Start<br \/>und in der N\u00e4he vom Ziel.<\/p>\n\n\n\n<p>Genauere Infos stehen auf der Internet-Seite.<\/p>\n\n\n\n<h2 class=\"wp-block-heading\">Wetter<\/h2>\n\n\n\n<p>Die Demo findet auch bei Regen statt.<\/p>\n\n\n\n<p>Bitte bring wetterfeste Kleidung mit.<\/p>\n\n\n\n<h2 class=\"wp-block-heading\">Wichtig f\u00fcr die Demo<\/h2>\n\n\n\n<p>Diese Demo ist ein solidarischer Raum.<\/p>\n\n\n\n<p>Auf der Demo ist kein Platz f\u00fcr:<\/p>\n\n\n\n<ul class=\"wp-block-list\">\n<li>Rassismus<\/li>\n\n\n\n<li>Sexismus<\/li>\n\n\n\n<li>Queer-Feindlichkeit<\/li>\n\n\n\n<li>Trans-Feindlichkeit<\/li>\n\n\n\n<li>Ableismus<\/li>\n\n\n\n<li>rechte oder faschistische Inhalte<\/li>\n<\/ul>\n\n\n\n<p>Bitte bringt keine Partei-Fahnen mit.<br \/>Die Demo soll vor allem Raum f\u00fcr behinderte Menschen und ihre Themen sein.<\/p>\n\n\n\n<h2 class=\"wp-block-heading\">Fragen?<\/h2>\n\n\n\n<p>Wenn du Fragen hast,<br \/>schreib uns:<\/p>\n\n\n\n<p><strong><a>mail@sitnskate.de<\/a><\/strong><\/p>\n\n\n\n<p>Mehr Infos findest du hier:<\/p>\n\n\n\n<p><strong>5. Mai ist jeden Tag<\/strong><\/p>\n\n\n\n<hr class=\"wp-block-separator has-alpha-channel-opacity\"\/>\n\n\n\n<h2 class=\"wp-block-heading\">Sei dabei. F\u00fcr unsere Rechte.<\/h2>\n\n\n\n<p>Zum Teilen:<\/p>\n\n\n\n<h3 class=\"wp-block-heading\">Foto Flyer<\/h3>\n\n\n\n<figure class=\"wp-block-gallery has-nested-images columns-default is-cropped wp-block-gallery-1 is-layout-flex wp-block-gallery-is-layout-flex\">\n<figure class=\"wp-block-image size-large\"><img loading=\"lazy\" decoding=\"async\" width=\"726\" height=\"1024\" data-id=\"10473\" src=\"https:\/\/www.sitnskate.de\/wp-content\/uploads\/2026\/03\/FINAL-5-Mai-DEMO-2026-Ankuendigun-Flyer_5-END-FINAL-SOCIAL_1-726x1024.jpg\" alt=\"Demoflyer f\u00fcr den 5. Mai Protest 2026 in Hamburg. Ein Foto von einer Demonstration mit vielen Menschen in schwarz wei\u00df, es sind Rollstuhlfahrende Menschen darunter, sie tragen Schilder. Weiterhin Text: 5. Mai Demo, Gemeinsam Laut sein! Barrierefreiheit Jetzt! 5. Mai 2026 17 uhr Startpunkt Arrivatipark, Beim Gr\u00fcnen J\u00e4ger 13, Am Wendehammer. Der Flyer ist in schwarz, grau, wei\u00df gehalten mit rosa und gelben Design Elementen.\" class=\"wp-image-10473\" srcset=\"https:\/\/www.sitnskate.de\/wp-content\/uploads\/2026\/03\/FINAL-5-Mai-DEMO-2026-Ankuendigun-Flyer_5-END-FINAL-SOCIAL_1-726x1024.jpg 726w, https:\/\/www.sitnskate.de\/wp-content\/uploads\/2026\/03\/FINAL-5-Mai-DEMO-2026-Ankuendigun-Flyer_5-END-FINAL-SOCIAL_1-213x300.jpg 213w, https:\/\/www.sitnskate.de\/wp-content\/uploads\/2026\/03\/FINAL-5-Mai-DEMO-2026-Ankuendigun-Flyer_5-END-FINAL-SOCIAL_1-768x1083.jpg 768w, https:\/\/www.sitnskate.de\/wp-content\/uploads\/2026\/03\/FINAL-5-Mai-DEMO-2026-Ankuendigun-Flyer_5-END-FINAL-SOCIAL_1-1090x1536.jpg 1090w, https:\/\/www.sitnskate.de\/wp-content\/uploads\/2026\/03\/FINAL-5-Mai-DEMO-2026-Ankuendigun-Flyer_5-END-FINAL-SOCIAL_1-1453x2048.jpg 1453w, https:\/\/www.sitnskate.de\/wp-content\/uploads\/2026\/03\/FINAL-5-Mai-DEMO-2026-Ankuendigun-Flyer_5-END-FINAL-SOCIAL_1-scaled.jpg 1816w\" sizes=\"auto, (max-width: 726px) 100vw, 726px\" \/><\/figure>\n\n\n\n<figure class=\"wp-block-image size-large\"><img loading=\"lazy\" decoding=\"async\" width=\"726\" height=\"1024\" data-id=\"10477\" src=\"https:\/\/www.sitnskate.de\/wp-content\/uploads\/2026\/03\/FINAL-5-Mai-DEMO-2026-Ankuendigun-Flyer_5-END-FINAL-SOCIAL_2-726x1024.jpg\" alt=\"R\u00fcckseite Protestfyler f\u00fcr den 5. Mai 2026 in Hamburg\" class=\"wp-image-10477\" srcset=\"https:\/\/www.sitnskate.de\/wp-content\/uploads\/2026\/03\/FINAL-5-Mai-DEMO-2026-Ankuendigun-Flyer_5-END-FINAL-SOCIAL_2-726x1024.jpg 726w, https:\/\/www.sitnskate.de\/wp-content\/uploads\/2026\/03\/FINAL-5-Mai-DEMO-2026-Ankuendigun-Flyer_5-END-FINAL-SOCIAL_2-213x300.jpg 213w, https:\/\/www.sitnskate.de\/wp-content\/uploads\/2026\/03\/FINAL-5-Mai-DEMO-2026-Ankuendigun-Flyer_5-END-FINAL-SOCIAL_2-768x1083.jpg 768w, https:\/\/www.sitnskate.de\/wp-content\/uploads\/2026\/03\/FINAL-5-Mai-DEMO-2026-Ankuendigun-Flyer_5-END-FINAL-SOCIAL_2-1090x1536.jpg 1090w, https:\/\/www.sitnskate.de\/wp-content\/uploads\/2026\/03\/FINAL-5-Mai-DEMO-2026-Ankuendigun-Flyer_5-END-FINAL-SOCIAL_2-1453x2048.jpg 1453w, https:\/\/www.sitnskate.de\/wp-content\/uploads\/2026\/03\/FINAL-5-Mai-DEMO-2026-Ankuendigun-Flyer_5-END-FINAL-SOCIAL_2-scaled.jpg 1816w\" sizes=\"auto, (max-width: 726px) 100vw, 726px\" \/><\/figure>\n<\/figure>\n\n\n\n<h3 class=\"wp-block-heading\">PDF Flyer<\/h3>\n\n\n\n<div data-wp-interactive=\"core\/file\" class=\"wp-block-file\"><object data-wp-bind--hidden=\"!state.hasPdfPreview\" hidden class=\"wp-block-file__embed\" data=\"https:\/\/www.sitnskate.de\/wp-content\/uploads\/2026\/03\/FINAL-5-Mai-DEMO-2026-Ankuendigun-Flyer_5-END-FINAL-DRUCK-300dpi.pdf\" type=\"application\/pdf\" style=\"width:100%;height:600px\" aria-label=\"Embed of FINAL 5 Mai DEMO 2026 Ank\u00fcndigun Flyer_5 END FINAL DRUCK 300dpi.\"><\/object><a id=\"wp-block-file--media-5e5e2bed-eaea-44b4-9635-75b8bc0e12d5\" href=\"https:\/\/www.sitnskate.de\/wp-content\/uploads\/2026\/03\/FINAL-5-Mai-DEMO-2026-Ankuendigun-Flyer_5-END-FINAL-DRUCK-300dpi.pdf\">FINAL 5 Mai DEMO 2026 Ank\u00fcndigun Flyer_5 END FINAL DRUCK 300dpi<\/a><a href=\"https:\/\/www.sitnskate.de\/wp-content\/uploads\/2026\/03\/FINAL-5-Mai-DEMO-2026-Ankuendigun-Flyer_5-END-FINAL-DRUCK-300dpi.pdf\" class=\"wp-block-file__button wp-element-button\" download aria-describedby=\"wp-block-file--media-5e5e2bed-eaea-44b4-9635-75b8bc0e12d5\">Herunterladen<\/a><\/div>\n\n\n\n<h3 class=\"wp-block-heading\">Sharepics<\/h3>\n\n\n\n<figure class=\"wp-block-gallery has-nested-images columns-default is-cropped wp-block-gallery-2 is-layout-flex wp-block-gallery-is-layout-flex\">\n<figure class=\"wp-block-image size-large\"><img loading=\"lazy\" decoding=\"async\" width=\"819\" height=\"1024\" data-id=\"10532\" src=\"https:\/\/www.sitnskate.de\/wp-content\/uploads\/2026\/04\/MAINPOST-5-Mai-DEMO-2026-ALL-1080-x-1350-819x1024.jpg\" alt=\"Grafik im Insta 4:5 Format im Stil eines Protest-Flyers zur 5.-Mai-Demo in Hamburg. Gro\u00dfer Text: \u201e5. Mai DEMO\u201c, \u201eGemeinsam laut sein!\u201c und \u201eBarrierefreiheit JETZT\u201c. Unten stehen die Infos: 5. Mai 2026, 17 Uhr, Startpunkt Beim Gr\u00fcnen J\u00e4ger 13, Arrivatipark am Wendehammer. Gestaltung in Schwarz, Rosa, Creme und Grau mit Megafon-Grafiken, Rollstuhl-Symbol, Geb\u00e4rdensprachdolmetschung-Symbol und SIT\u2019N\u2019SKATE-Logo.\" class=\"wp-image-10532\" srcset=\"https:\/\/www.sitnskate.de\/wp-content\/uploads\/2026\/04\/MAINPOST-5-Mai-DEMO-2026-ALL-1080-x-1350-819x1024.jpg 819w, https:\/\/www.sitnskate.de\/wp-content\/uploads\/2026\/04\/MAINPOST-5-Mai-DEMO-2026-ALL-1080-x-1350-240x300.jpg 240w, https:\/\/www.sitnskate.de\/wp-content\/uploads\/2026\/04\/MAINPOST-5-Mai-DEMO-2026-ALL-1080-x-1350-768x960.jpg 768w, https:\/\/www.sitnskate.de\/wp-content\/uploads\/2026\/04\/MAINPOST-5-Mai-DEMO-2026-ALL-1080-x-1350.jpg 1080w\" sizes=\"auto, (max-width: 819px) 100vw, 819px\" \/><\/figure>\n\n\n\n<figure class=\"wp-block-image size-large\"><img loading=\"lazy\" decoding=\"async\" width=\"819\" height=\"1024\" data-id=\"10531\" src=\"https:\/\/www.sitnskate.de\/wp-content\/uploads\/2026\/04\/POST-Slide2-5-Mai-DEMO-2026-Serie-WIR-PROTESTIEREN-1080-x-1350-Kopie-819x1024.jpg\" alt=\"Textgrafik mit der \u00dcberschrift \u201eWIR PROTESTIEREN!\u201c und einem hervorgehobenen Balken mit demselben Satz. Der Text erkl\u00e4rt: Seit 2009 gilt die UN-Behindertenrechtskonvention in Deutschland, trotzdem ist Inklusion oft nur ein Versprechen auf dem Papier. Behinderte Menschen erleben t\u00e4glich Ausgrenzung durch fehlende Rampen, unzug\u00e4ngliche Wohnungen, unfaire Bildung, diskriminierende Sprache und Systeme, die sie nicht mitdenken.\" class=\"wp-image-10531\" srcset=\"https:\/\/www.sitnskate.de\/wp-content\/uploads\/2026\/04\/POST-Slide2-5-Mai-DEMO-2026-Serie-WIR-PROTESTIEREN-1080-x-1350-Kopie-819x1024.jpg 819w, https:\/\/www.sitnskate.de\/wp-content\/uploads\/2026\/04\/POST-Slide2-5-Mai-DEMO-2026-Serie-WIR-PROTESTIEREN-1080-x-1350-Kopie-240x300.jpg 240w, https:\/\/www.sitnskate.de\/wp-content\/uploads\/2026\/04\/POST-Slide2-5-Mai-DEMO-2026-Serie-WIR-PROTESTIEREN-1080-x-1350-Kopie-768x960.jpg 768w, https:\/\/www.sitnskate.de\/wp-content\/uploads\/2026\/04\/POST-Slide2-5-Mai-DEMO-2026-Serie-WIR-PROTESTIEREN-1080-x-1350-Kopie.jpg 1080w\" sizes=\"auto, (max-width: 819px) 100vw, 819px\" \/><\/figure>\n\n\n\n<figure class=\"wp-block-image size-large\"><img loading=\"lazy\" decoding=\"async\" width=\"820\" height=\"1024\" data-id=\"10534\" src=\"https:\/\/www.sitnskate.de\/wp-content\/uploads\/2026\/04\/POST-Slide3-5-Mai-DEMO-2026-Serie-WTF-1080-x-1350-copy-820x1024.jpg\" alt=\"Textgrafik mit gro\u00dfer \u00dcberschrift \u201eWTF!\u201c. Darunter steht: \u201eJetzt droht die BGG-Reform Barrieren zu sch\u00fctzen, statt sie abzubauen.\u201c Im weiteren Text wird kritisiert, dass der Entwurf statt verbindlicher Barrierefreiheit zu viele Ausnahmen, zu wenig Konsequenzen und zu wenig Druck auf die Privatwirtschaft vorsieht. Gestaltung in Schwarz, Rosa und Grau mit Megafon-Grafik.\" class=\"wp-image-10534\" srcset=\"https:\/\/www.sitnskate.de\/wp-content\/uploads\/2026\/04\/POST-Slide3-5-Mai-DEMO-2026-Serie-WTF-1080-x-1350-copy-820x1024.jpg 820w, https:\/\/www.sitnskate.de\/wp-content\/uploads\/2026\/04\/POST-Slide3-5-Mai-DEMO-2026-Serie-WTF-1080-x-1350-copy-240x300.jpg 240w, https:\/\/www.sitnskate.de\/wp-content\/uploads\/2026\/04\/POST-Slide3-5-Mai-DEMO-2026-Serie-WTF-1080-x-1350-copy-768x959.jpg 768w, https:\/\/www.sitnskate.de\/wp-content\/uploads\/2026\/04\/POST-Slide3-5-Mai-DEMO-2026-Serie-WTF-1080-x-1350-copy.jpg 881w\" sizes=\"auto, (max-width: 820px) 100vw, 820px\" \/><\/figure>\n\n\n\n<figure class=\"wp-block-image size-large\"><img loading=\"lazy\" decoding=\"async\" width=\"819\" height=\"1024\" data-id=\"10535\" src=\"https:\/\/www.sitnskate.de\/wp-content\/uploads\/2026\/04\/POST-Slide4-5-Mai-DEMO-2026-Serie-KEINE-BITTSTELLER-1080-x-1350-819x1024.jpg\" alt=\"Textgrafik zur Demo. Oben steht: \u201eWir wollen keine Bittsteller sein\u201c. Darunter: \u201eEine Gesellschaft, die Menschen ausschlie\u00dft, ist nicht gerecht und in Zeiten von Rechtsruck und Hetze m\u00fcssen wir sichtbar und laut sein: F\u00fcr Menschenrechte und gegen Rechts!\u201c Unten steht gro\u00df: \u201eWir wollen unsere Rechte\u201c. Gestaltung in Schwarz, Rosa und Grau.\" class=\"wp-image-10535\" srcset=\"https:\/\/www.sitnskate.de\/wp-content\/uploads\/2026\/04\/POST-Slide4-5-Mai-DEMO-2026-Serie-KEINE-BITTSTELLER-1080-x-1350-819x1024.jpg 819w, https:\/\/www.sitnskate.de\/wp-content\/uploads\/2026\/04\/POST-Slide4-5-Mai-DEMO-2026-Serie-KEINE-BITTSTELLER-1080-x-1350-240x300.jpg 240w, https:\/\/www.sitnskate.de\/wp-content\/uploads\/2026\/04\/POST-Slide4-5-Mai-DEMO-2026-Serie-KEINE-BITTSTELLER-1080-x-1350-768x960.jpg 768w, https:\/\/www.sitnskate.de\/wp-content\/uploads\/2026\/04\/POST-Slide4-5-Mai-DEMO-2026-Serie-KEINE-BITTSTELLER-1080-x-1350.jpg 1080w\" sizes=\"auto, (max-width: 819px) 100vw, 819px\" \/><\/figure>\n\n\n\n<figure class=\"wp-block-image size-large\"><img loading=\"lazy\" decoding=\"async\" width=\"819\" height=\"1024\" data-id=\"10536\" src=\"https:\/\/www.sitnskate.de\/wp-content\/uploads\/2026\/04\/POST-Slide5-5-Mai-DEMO-2026-Serie-START-ENDE-1080-x-1350-819x1024.jpg\" alt=\"Info-Grafik zur 5.-Mai-Demo in Hamburg. Oben steht: \u201e17:00 Uhr Startpunkt\u201c, darunter: \u201eBeim Gr\u00fcnen J\u00e4ger 13, Arrivatipark am Wendehammer\u201c. Weiter unten: \u201e19:15 Uhr Endkundgebung\u201c, darunter: \u201eSpielbudenplatz, Reeperbahn, an der B\u00fchne\u201c. Unten rechts ist das SIT\u2019N\u2019SKATE-Logo, unten links ein Symbol f\u00fcr Geb\u00e4rdensprachdolmetschung.\" class=\"wp-image-10536\" srcset=\"https:\/\/www.sitnskate.de\/wp-content\/uploads\/2026\/04\/POST-Slide5-5-Mai-DEMO-2026-Serie-START-ENDE-1080-x-1350-819x1024.jpg 819w, https:\/\/www.sitnskate.de\/wp-content\/uploads\/2026\/04\/POST-Slide5-5-Mai-DEMO-2026-Serie-START-ENDE-1080-x-1350-240x300.jpg 240w, https:\/\/www.sitnskate.de\/wp-content\/uploads\/2026\/04\/POST-Slide5-5-Mai-DEMO-2026-Serie-START-ENDE-1080-x-1350-768x960.jpg 768w, https:\/\/www.sitnskate.de\/wp-content\/uploads\/2026\/04\/POST-Slide5-5-Mai-DEMO-2026-Serie-START-ENDE-1080-x-1350.jpg 1080w\" sizes=\"auto, (max-width: 819px) 100vw, 819px\" \/><\/figure>\n\n\n\n<figure class=\"wp-block-image size-large\"><img loading=\"lazy\" decoding=\"async\" width=\"576\" height=\"1024\" data-id=\"10537\" src=\"https:\/\/www.sitnskate.de\/wp-content\/uploads\/2026\/04\/STORY-5-Mai-DEMO-2026-ALL-1080-x-1920-576x1024.jpg\" alt=\"Grafik im Insta Story Format im Stil eines Protest-Flyers zur 5.-Mai-Demo in Hamburg. Gro\u00dfer Text: \u201e5. Mai DEMO\u201c, \u201eGemeinsam laut sein!\u201c und \u201eBarrierefreiheit JETZT\u201c. Unten stehen die Infos: 5. Mai 2026, 17 Uhr, Startpunkt Beim Gr\u00fcnen J\u00e4ger 13, Arrivatipark am Wendehammer. Gestaltung in Schwarz, Rosa, Creme und Grau mit Megafon-Grafiken, Rollstuhl-Symbol, Geb\u00e4rdensprachdolmetschung-Symbol und SIT\u2019N\u2019SKATE-Logo.\" class=\"wp-image-10537\" srcset=\"https:\/\/www.sitnskate.de\/wp-content\/uploads\/2026\/04\/STORY-5-Mai-DEMO-2026-ALL-1080-x-1920-576x1024.jpg 576w, https:\/\/www.sitnskate.de\/wp-content\/uploads\/2026\/04\/STORY-5-Mai-DEMO-2026-ALL-1080-x-1920-169x300.jpg 169w, https:\/\/www.sitnskate.de\/wp-content\/uploads\/2026\/04\/STORY-5-Mai-DEMO-2026-ALL-1080-x-1920-768x1365.jpg 768w, https:\/\/www.sitnskate.de\/wp-content\/uploads\/2026\/04\/STORY-5-Mai-DEMO-2026-ALL-1080-x-1920-864x1536.jpg 864w, https:\/\/www.sitnskate.de\/wp-content\/uploads\/2026\/04\/STORY-5-Mai-DEMO-2026-ALL-1080-x-1920.jpg 1080w\" sizes=\"auto, (max-width: 576px) 100vw, 576px\" \/><\/figure>\n<\/figure>\n\n\n\n\n","protected":false},"excerpt":{"rendered":"<p>5. MAI \u2013 WIR PROTESTIEREN!<\/p>\n","protected":false},"featured_media":10488,"template":"","meta":{"_acf_changed":false},"class_list":["post-10494","termine","type-termine","status-publish","has-post-thumbnail","hentry"],"acf":[],"_links":{"self":[{"href":"https:\/\/www.sitnskate.de\/ls\/wp-json\/wp\/v2\/termine\/10494","targetHints":{"allow":["GET"]}}],"collection":[{"href":"https:\/\/www.sitnskate.de\/ls\/wp-json\/wp\/v2\/termine"}],"about":[{"href":"https:\/\/www.sitnskate.de\/ls\/wp-json\/wp\/v2\/types\/termine"}],"wp:featuredmedia":[{"embeddable":true,"href":"https:\/\/www.sitnskate.de\/ls\/wp-json\/wp\/v2\/media\/10488"}],"wp:attachment":[{"href":"https:\/\/www.sitnskate.de\/ls\/wp-json\/wp\/v2\/media?parent=10494"}],"curies":[{"name":"wp","href":"https:\/\/api.w.org\/{rel}","templated":true}]}}